{"id":1684,"date":"2022-06-29T09:27:37","date_gmt":"2022-06-29T07:27:37","guid":{"rendered":"https:\/\/aeronautica.be\/?post_type=job_listing&#038;p=1684"},"modified":"2022-06-29T09:27:37","modified_gmt":"2022-06-29T07:27:37","slug":"project-manager-audiovisuel-secteur-construction","status":"publish","type":"job_listing","link":"https:\/\/aeronautica.be\/nl\/vacature\/project-manager-audiovisuel-secteur-construction\/","title":{"rendered":"Project Manager Audiovisuel &#8211; Secteur Construction"},"content":{"rendered":"<p><strong>DESCRIPTION DE LA MISSION<\/strong><\/p>\n<p>Notre client, localis\u00e9 vers Malines, est une soci\u00e9t\u00e9 sp\u00e9cialis\u00e9e dans le secteur de la construction et dans les solutions audiovisuelles pour l\u2019industrie. Il recherche un\/une Project Manager afin de coordonner la r\u00e9alisation des projets au niveau technique, financier et planning.<\/p>\n<p>Vos missions seront de :<br \/>\n\u25aa G\u00e9rer le projet, les \u00e9tats d\u2019avancements, les jalons<br \/>\n\u25aa Analyser les appels d\u2019offres, valider les points techniques avec les clients, collaborer avec le service commercial<br \/>\n\u25aa Concevoir des plans de montage <br \/>\n\u25aa Soumettre des solutions en fonction de l\u2019avancement des projets <br \/>\n\u25aa Mettre \u00e0 jour les devis et v\u00e9rifier les informations re\u00e7ues li\u00e9es aux facturations <br \/>\n\u25aa Rester en \u00e9troite relation avec le client du d\u00e9but \u00e0 la livraison <br \/>\n\u25aa Assurer l\u2019assistance, l\u2019expertise et le conseil technique<br \/>\n\u25aa \u00catre en contact avec les fournisseurs pr\u00e9sents sur site<br \/>\n\u25aa Suivre le d\u00e9roulement des r\u00e9unions sur terrain<\/p>\n<p>\n<strong>PROFIL RECHERCH\u00c9<\/strong><\/p>\n<p>\u25aa Bachelier orient\u00e9 technique <br \/>\n\u25aa Minimum 5 ans d\u2019exp\u00e9rience en gestion de projet dans le domaine audiovisuel<br \/>\n\u25aa Bonne maitrise de la Suite Office Microsoft<br \/>\n\u25aa Autonomie, rigoureux, \u00e0 l\u2019aise en communication, flexible<br \/>\n\u25aa Esprit d\u2019\u00e9quipe, sens des responsabilit\u00e9s<\/p>\n<p>\n<strong>INFORMATIONS PRATIQUES<\/strong><\/p>\n<p>\u25aa Langues : fran\u00e7ais, n\u00e9erlandais<br \/>\n\u25aa Lieu : Malines<br \/>\n\u25aa Contrat propos\u00e9 : CDI<\/p>\n","protected":false},"author":3,"featured_media":0,"template":"","meta":{"_promoted":"","_job_location":"Malines","_application":"recrutement@aeronautica.be","_company_name":"","_company_website":"","_company_tagline":"","_company_twitter":"","_company_video":"","_filled":0,"_featured":0,"_remote_position":0,"_job_salary":"","_job_salary_currency":"","_job_salary_unit":""},"job-categories":[11],"job-types":[],"class_list":["post-1684","job_listing","type-job_listing","status-publish","hentry"],"translation":{"provider":"WPGlobus","version":"3.0.2","language":"nl","enabled_languages":["fr","en","nl"],"languages":{"fr":{"title":true,"content":true,"excerpt":false},"en":{"title":false,"content":false,"excerpt":false},"nl":{"title":false,"content":false,"excerpt":false}}},"_links":{"self":[{"href":"https:\/\/aeronautica.be\/nl\/wp-json\/wp\/v2\/job-listings\/1684","targetHints":{"allow":["GET"]}}],"collection":[{"href":"https:\/\/aeronautica.be\/nl\/wp-json\/wp\/v2\/job-listings"}],"about":[{"href":"https:\/\/aeronautica.be\/nl\/wp-json\/wp\/v2\/types\/job_listing"}],"author":[{"embeddable":true,"href":"https:\/\/aeronautica.be\/nl\/wp-json\/wp\/v2\/users\/3"}],"wp:attachment":[{"href":"https:\/\/aeronautica.be\/nl\/wp-json\/wp\/v2\/media?parent=1684"}],"wp:term":[{"taxonomy":"job_listing_category","embeddable":true,"href":"https:\/\/aeronautica.be\/nl\/wp-json\/wp\/v2\/job-categories?post=1684"},{"taxonomy":"job_listing_type","embeddable":true,"href":"https:\/\/aeronautica.be\/nl\/wp-json\/wp\/v2\/job-types?post=1684"}],"curies":[{"name":"wp","href":"https:\/\/api.w.org\/{rel}","templated":true}]}}